{"id":1251,"date":"2019-10-31T11:32:14","date_gmt":"2019-10-31T11:32:14","guid":{"rendered":"https:\/\/breiddalsvik.is\/?page_id=1251"},"modified":"2019-11-17T20:52:17","modified_gmt":"2019-11-17T20:52:17","slug":"the-iceland-getaway","status":"publish","type":"page","link":"https:\/\/breiddalsvik.is\/en\/the-iceland-getaway\/","title":{"rendered":"Adventure Reboot Getaway"},"content":{"rendered":"<div class=\"wpb-content-wrapper\"><p>[vc_row css=&#8221;.vc_custom_1459432232533{margin-bottom: 0px !important;}&#8221; el_class=&#8221;baturinn&#8221;][vc_column][vc_column_text]<\/p>\n<p style=\"text-align: center;\"><img loading=\"lazy\" decoding=\"async\" class=\"size-full wp-image-1319 aligncenter\" src=\"https:\/\/breiddalsvik.is\/wp-content\/uploads\/2019\/11\/Northern-lights-730x600.jpg\" alt=\"\" width=\"730\" height=\"600\" srcset=\"https:\/\/breiddalsvik.is\/wp-content\/uploads\/2019\/11\/Northern-lights-730x600.jpg 730w, https:\/\/breiddalsvik.is\/wp-content\/uploads\/2019\/11\/Northern-lights-730x600-430x353.jpg 430w, https:\/\/breiddalsvik.is\/wp-content\/uploads\/2019\/11\/Northern-lights-730x600-150x123.jpg 150w, https:\/\/breiddalsvik.is\/wp-content\/uploads\/2019\/11\/Northern-lights-730x600-700x575.jpg 700w, https:\/\/breiddalsvik.is\/wp-content\/uploads\/2019\/11\/Northern-lights-730x600-300x247.jpg 300w\" sizes=\"auto, (max-width: 730px) 100vw, 730px\" \/><\/p>\n<h3 style=\"text-align: center;\">THE ICELAND GETAWAY<\/h3>\n<h1 style=\"text-align: center;\">Adventure Reboot Getaway March 22nd-27th<\/h1>\n<p>[\/vc_column_text][\/vc_column][\/vc_row][vc_row css=&#8221;.vc_custom_1459432232533{margin-bottom: 0px !important;}&#8221; el_class=&#8221;baturinn&#8221;][vc_column][vc_column_text]<\/p>\n<h3 class=\"null\" style=\"text-align: center;\">A different kind of travel experience<\/h3>\n<p style=\"text-align: center;\">Ever wished you could just press pause on your busy life and <a href=\"https:\/\/breiddalsvik.is\/the-iceland-getaway\/#prices\">reboot your system<\/a>, close to nature where everything is taken care of for you?<\/p>\n<p style=\"text-align: center;\">Your visit to Brei\u00f0dalsv\u00edk, a small charming fishing village in East Iceland delivers just that: a new way to experience slow travel, with just the right amount of adventure intertwined into your days.<\/p>\n<p style=\"text-align: center;\">Recharge your spirit by using Hotel Bl\u00e1fell as your local base, surrounded by Iceland\u2019s stunning nature, combined with the local hospitality and fresh cuisine prepared daily.<\/p>\n<p style=\"text-align: center;\">Your Hotel Bl\u00e1fell (Resort) offers comfortable Scandinavian accommodation and we invite you to leave your worries at home and let us treat you to an Adventure Reboot Getaway in our breathtaking neck of the woods.<\/p>\n<p>[\/vc_column_text][\/vc_column][\/vc_row][vc_row css=&#8221;.vc_custom_1461161411022{margin-bottom: 0px !important;}&#8221; el_class=&#8221;baturinn&#8221;][vc_column][vc_separator color=&#8221;custom&#8221; accent_color=&#8221;#416781&#8243;][\/vc_column][\/vc_row][vc_row css=&#8221;.vc_custom_1574012549128{margin-bottom: 0px !important;}&#8221; el_class=&#8221;baturinn&#8221; anchor=&#8221;about-your-hosts&#8221;][vc_column][vc_column_text css=&#8221;.vc_custom_1574012618291{margin-top: -10px !important;margin-bottom: -20px !important;}&#8221;]<\/p>\n<h2 class=\"null\" style=\"text-align: center;\">About your hosts<\/h2>\n<p>[\/vc_column_text][vc_row_inner equal_height=&#8221;yes&#8221; gap=&#8221;35&#8243;][vc_column_inner width=&#8221;1\/3&#8243; css=&#8221;.vc_custom_1573810504128{border-top-width: 1px !important;border-right-width: 1px !important;border-bottom-width: 1px !important;border-left-width: 1px !important;border-left-color: #d9e1e6 !important;border-right-color: #d9e1e6 !important;border-top-color: #d9e1e6 !important;border-bottom-color: #d9e1e6 !important;border-radius: 1px !important;}&#8221;][vc_column_text]<img loading=\"lazy\" decoding=\"async\" class=\"alignnone wp-image-1254\" src=\"https:\/\/breiddalsvik.is\/wp-content\/uploads\/2019\/10\/hrefna-the-guide-773x1024.jpeg\" alt=\"hrefna-the-guide\" width=\"600\" height=\"795\" srcset=\"https:\/\/breiddalsvik.is\/wp-content\/uploads\/2019\/10\/hrefna-the-guide-773x1024.jpeg 773w, https:\/\/breiddalsvik.is\/wp-content\/uploads\/2019\/10\/hrefna-the-guide-430x570.jpeg 430w, https:\/\/breiddalsvik.is\/wp-content\/uploads\/2019\/10\/hrefna-the-guide-150x199.jpeg 150w, https:\/\/breiddalsvik.is\/wp-content\/uploads\/2019\/10\/hrefna-the-guide-700x928.jpeg 700w, https:\/\/breiddalsvik.is\/wp-content\/uploads\/2019\/10\/hrefna-the-guide-226x300.jpeg 226w, https:\/\/breiddalsvik.is\/wp-content\/uploads\/2019\/10\/hrefna-the-guide-768x1018.jpeg 768w, https:\/\/breiddalsvik.is\/wp-content\/uploads\/2019\/10\/hrefna-the-guide.jpeg 960w\" sizes=\"auto, (max-width: 600px) 100vw, 600px\" \/><\/p>\n<h3>Hrefna Ing\u00f3lfsd\u00f3ttir<\/h3>\n<p>Hrefna is born and raised in Brei\u00f0dalsv\u00edk and has a BA degree in anthropology. She is interested in traveling, photography and the outdoors as well as volunteering with the local Search and Rescue team.[\/vc_column_text][\/vc_column_inner][vc_column_inner width=&#8221;1\/3&#8243; css=&#8221;.vc_custom_1573810490240{border-top-width: 1px !important;border-right-width: 1px !important;border-bottom-width: 1px !important;border-left-width: 1px !important;border-left-color: #d9e1e6 !important;border-right-color: #d9e1e6 !important;border-top-color: #d9e1e6 !important;border-bottom-color: #d9e1e6 !important;border-radius: 1px !important;}&#8221;][vc_column_text]<img loading=\"lazy\" decoding=\"async\" class=\"wp-image-1260 alignnone\" src=\"https:\/\/breiddalsvik.is\/wp-content\/uploads\/2019\/10\/helga-hronn-host-227x300.jpg\" alt=\"\" width=\"600\" height=\"795\" srcset=\"https:\/\/breiddalsvik.is\/wp-content\/uploads\/2019\/10\/helga-hronn-host-227x300.jpg 227w, https:\/\/breiddalsvik.is\/wp-content\/uploads\/2019\/10\/helga-hronn-host-430x569.jpg 430w, https:\/\/breiddalsvik.is\/wp-content\/uploads\/2019\/10\/helga-hronn-host-150x199.jpg 150w, https:\/\/breiddalsvik.is\/wp-content\/uploads\/2019\/10\/helga-hronn-host-700x927.jpg 700w, https:\/\/breiddalsvik.is\/wp-content\/uploads\/2019\/10\/helga-hronn-host-768x1017.jpg 768w, https:\/\/breiddalsvik.is\/wp-content\/uploads\/2019\/10\/helga-hronn-host-773x1024.jpg 773w, https:\/\/breiddalsvik.is\/wp-content\/uploads\/2019\/10\/helga-hronn-host.jpg 960w\" sizes=\"auto, (max-width: 600px) 100vw, 600px\" \/><\/p>\n<h3 style=\"text-align: left;\">Helga Hr\u00f6nn Melste\u00f0<\/h3>\n<p style=\"text-align: left;\">Born and raised in Brei\u00f0dalsv\u00edk, Helga works as a turner, EMT &amp; has worked with the local voluntary Search and Rescue team for over 20 years. She&#8217;s passionate about traveling, photography &amp; nature and wildlife.<\/p>\n<p>[\/vc_column_text][\/vc_column_inner][vc_column_inner width=&#8221;1\/3&#8243; css=&#8221;.vc_custom_1573810452562{border-top-width: 1px !important;border-right-width: 1px !important;border-bottom-width: 1px !important;border-left-width: 1px !important;border-left-color: #d9e1e6 !important;border-right-color: #d9e1e6 !important;border-top-color: #d9e1e6 !important;border-bottom-color: #d9e1e6 !important;}&#8221;][vc_column_text]<img loading=\"lazy\" decoding=\"async\" class=\"alignnone wp-image-1258\" src=\"https:\/\/breiddalsvik.is\/wp-content\/uploads\/2019\/10\/arngrimur-vidar-host.jpg\" alt=\"\" width=\"601\" height=\"794\" srcset=\"https:\/\/breiddalsvik.is\/wp-content\/uploads\/2019\/10\/arngrimur-vidar-host.jpg 640w, https:\/\/breiddalsvik.is\/wp-content\/uploads\/2019\/10\/arngrimur-vidar-host-430x568.jpg 430w, https:\/\/breiddalsvik.is\/wp-content\/uploads\/2019\/10\/arngrimur-vidar-host-150x198.jpg 150w, https:\/\/breiddalsvik.is\/wp-content\/uploads\/2019\/10\/arngrimur-vidar-host-227x300.jpg 227w\" sizes=\"auto, (max-width: 601px) 100vw, 601px\" \/><\/p>\n<h3>Arngr\u00edmur Vi\u00f0ar \u00c1sgeirsson<\/h3>\n<p>A child of nature, \u201cViddi\u201d is a farmer\u2019s son from a fjord in East Iceland called Borgarfj\u00f6r\u00f0ur Eystri, where he and his family run a travel company. He is an avid hiker, travel guide and storyteller.[\/vc_column_text][\/vc_column_inner][\/vc_row_inner][\/vc_column][\/vc_row][vc_row][vc_column][vc_empty_space][\/vc_column][\/vc_row][vc_row][vc_column][vc_column_text]<img loading=\"lazy\" decoding=\"async\" class=\"alignnone size-medium aligncenter\" src=\"https:\/\/eep.io\/mc-gallery\/1b062ec95966f80faa65fd7fd\/images\/12e153cd-0ab6-4b9a-8c62-a2cfe252db47.jpg\" width=\"547\" height=\"127\" \/><\/p>\n<p style=\"text-align: center;\"><img loading=\"lazy\" decoding=\"async\" class=\"alignnone size-medium\" src=\"https:\/\/eep.io\/mc-gallery\/1b062ec95966f80faa65fd7fd\/images\/0b281c0b-c3d2-4035-b4ac-dbde24c4168c.jpg\" width=\"550\" height=\"110\" \/><\/p>\n<p><img loading=\"lazy\" decoding=\"async\" class=\"alignnone size-medium aligncenter\" src=\"https:\/\/eep.io\/mc-gallery\/1b062ec95966f80faa65fd7fd\/images\/5398c374-8e22-4bf9-ae65-5b3e7c523557.jpg\" width=\"546\" height=\"114\" \/>[\/vc_column_text][\/vc_column][\/vc_row][vc_row el_class=&#8221;baturinn&#8221;][vc_column][vc_row_inner equal_height=&#8221;yes&#8221; gap=&#8221;35&#8243;][vc_column_inner width=&#8221;1\/2&#8243; css=&#8221;.vc_custom_1461164793965{border-top-width: 1px !important;border-right-width: 1px !important;border-bottom-width: 1px !important;border-left-width: 1px !important;padding-right: 35px !important;padding-left: 35px !important;border-left-color: #d9e1e6 !important;border-left-style: solid !important;border-right-color: #d9e1e6 !important;border-right-style: solid !important;border-top-color: #d9e1e6 !important;border-top-style: solid !important;border-bottom-color: #d9e1e6 !important;border-bottom-style: solid !important;border-radius: 1px !important;}&#8221;][vc_column_text]<img loading=\"lazy\" decoding=\"async\" class=\"alignnone wp-image-1271\" src=\"https:\/\/breiddalsvik.is\/wp-content\/uploads\/2019\/10\/people-hiking-1024x659.jpg\" alt=\"\" width=\"869\" height=\"559\" srcset=\"https:\/\/breiddalsvik.is\/wp-content\/uploads\/2019\/10\/people-hiking-1024x659.jpg 1024w, https:\/\/breiddalsvik.is\/wp-content\/uploads\/2019\/10\/people-hiking-430x277.jpg 430w, https:\/\/breiddalsvik.is\/wp-content\/uploads\/2019\/10\/people-hiking-150x97.jpg 150w, https:\/\/breiddalsvik.is\/wp-content\/uploads\/2019\/10\/people-hiking-700x450.jpg 700w, https:\/\/breiddalsvik.is\/wp-content\/uploads\/2019\/10\/people-hiking-300x193.jpg 300w, https:\/\/breiddalsvik.is\/wp-content\/uploads\/2019\/10\/people-hiking-768x494.jpg 768w, https:\/\/breiddalsvik.is\/wp-content\/uploads\/2019\/10\/people-hiking.jpg 1038w\" sizes=\"auto, (max-width: 869px) 100vw, 869px\" \/><\/p>\n<h3 class=\"null\">Adventure like an Icelander<\/h3>\n<p>Here\u2019s your chance to tap into your adventurous spirit, with a variety of activities such as daily hikes, a walk by Hoffell glacier lagoon, guided meditation and horseback riding on the Icelandic horse. Always at your own choosing and always in a safe environment.[\/vc_column_text][\/vc_column_inner][vc_column_inner width=&#8221;1\/2&#8243; css=&#8221;.vc_custom_1461164802970{border-top-width: 1px !important;border-right-width: 1px !important;border-bottom-width: 1px !important;border-left-width: 1px !important;padding-right: 35px !important;padding-left: 35px !important;border-left-color: #d9e1e6 !important;border-left-style: solid !important;border-right-color: #d9e1e6 !important;border-right-style: solid !important;border-top-color: #d9e1e6 !important;border-top-style: solid !important;border-bottom-color: #d9e1e6 !important;border-bottom-style: solid !important;border-radius: 1px !important;}&#8221;][vc_column_text]<img loading=\"lazy\" decoding=\"async\" class=\"alignnone wp-image-1269\" src=\"https:\/\/breiddalsvik.is\/wp-content\/uploads\/2019\/10\/hotel-blafell-iceland.jpg\" alt=\"\" width=\"869\" height=\"558\" srcset=\"https:\/\/breiddalsvik.is\/wp-content\/uploads\/2019\/10\/hotel-blafell-iceland.jpg 1284w, https:\/\/breiddalsvik.is\/wp-content\/uploads\/2019\/10\/hotel-blafell-iceland-430x276.jpg 430w, https:\/\/breiddalsvik.is\/wp-content\/uploads\/2019\/10\/hotel-blafell-iceland-150x96.jpg 150w, https:\/\/breiddalsvik.is\/wp-content\/uploads\/2019\/10\/hotel-blafell-iceland-700x450.jpg 700w, https:\/\/breiddalsvik.is\/wp-content\/uploads\/2019\/10\/hotel-blafell-iceland-300x193.jpg 300w, https:\/\/breiddalsvik.is\/wp-content\/uploads\/2019\/10\/hotel-blafell-iceland-768x493.jpg 768w, https:\/\/breiddalsvik.is\/wp-content\/uploads\/2019\/10\/hotel-blafell-iceland-1024x658.jpg 1024w\" sizes=\"auto, (max-width: 869px) 100vw, 869px\" \/><\/p>\n<h3>Welcome: \u201cGakktu \u00ed b\u00e6inn&#8221;<\/h3>\n<p>What on earth does \u201cGakktu \u00ed b\u00e6inn\u201d mean? It\u2019s an old Icelandic greeting, which refers to welcoming people to our home. Icelandic hospitality as it has evolved over the centuries is part of the cultural values, as well as Icelandic nature, which our guests seek to experience.[\/vc_column_text][\/vc_column_inner][\/vc_row_inner][vc_row_inner equal_height=&#8221;yes&#8221; gap=&#8221;35&#8243;][vc_column_inner width=&#8221;1\/2&#8243; css=&#8221;.vc_custom_1461164793965{border-top-width: 1px !important;border-right-width: 1px !important;border-bottom-width: 1px !important;border-left-width: 1px !important;padding-right: 35px !important;padding-left: 35px !important;border-left-color: #d9e1e6 !important;border-left-style: solid !important;border-right-color: #d9e1e6 !important;border-right-style: solid !important;border-top-color: #d9e1e6 !important;border-top-style: solid !important;border-bottom-color: #d9e1e6 !important;border-bottom-style: solid !important;border-radius: 1px !important;}&#8221;][vc_column_text]<img loading=\"lazy\" decoding=\"async\" class=\"alignnone wp-image-1267\" src=\"https:\/\/breiddalsvik.is\/wp-content\/uploads\/2019\/10\/fresh-food-iceland.jpg\" alt=\"\" width=\"896\" height=\"623\" srcset=\"https:\/\/breiddalsvik.is\/wp-content\/uploads\/2019\/10\/fresh-food-iceland.jpg 1302w, https:\/\/breiddalsvik.is\/wp-content\/uploads\/2019\/10\/fresh-food-iceland-430x299.jpg 430w, https:\/\/breiddalsvik.is\/wp-content\/uploads\/2019\/10\/fresh-food-iceland-150x104.jpg 150w, https:\/\/breiddalsvik.is\/wp-content\/uploads\/2019\/10\/fresh-food-iceland-700x487.jpg 700w, https:\/\/breiddalsvik.is\/wp-content\/uploads\/2019\/10\/fresh-food-iceland-300x209.jpg 300w, https:\/\/breiddalsvik.is\/wp-content\/uploads\/2019\/10\/fresh-food-iceland-768x534.jpg 768w, https:\/\/breiddalsvik.is\/wp-content\/uploads\/2019\/10\/fresh-food-iceland-1024x712.jpg 1024w\" sizes=\"auto, (max-width: 896px) 100vw, 896px\" \/><\/p>\n<h3 class=\"null\">Authentic Icelandic, local, fresh food<\/h3>\n<p>We Icelanders love feeding our guests with the best locally sourced food. On your getaway, you\u2019ll enjoy fresh Icelandic produce like lamb, langoustine, cod and a selection of vegetarian and vegan choices from Vallanes organic farm.[\/vc_column_text][\/vc_column_inner][vc_column_inner width=&#8221;1\/2&#8243; css=&#8221;.vc_custom_1461164802970{border-top-width: 1px !important;border-right-width: 1px !important;border-bottom-width: 1px !important;border-left-width: 1px !important;padding-right: 35px !important;padding-left: 35px !important;border-left-color: #d9e1e6 !important;border-left-style: solid !important;border-right-color: #d9e1e6 !important;border-right-style: solid !important;border-top-color: #d9e1e6 !important;border-top-style: solid !important;border-bottom-color: #d9e1e6 !important;border-bottom-style: solid !important;border-radius: 1px !important;}&#8221;][vc_column_text]<\/p>\n<p class=\"null\"><img loading=\"lazy\" decoding=\"async\" class=\"alignnone wp-image-1265\" src=\"https:\/\/breiddalsvik.is\/wp-content\/uploads\/2019\/10\/cozy-room-hotel-blafell.jpg\" alt=\"\" width=\"896\" height=\"622\" srcset=\"https:\/\/breiddalsvik.is\/wp-content\/uploads\/2019\/10\/cozy-room-hotel-blafell.jpg 1224w, https:\/\/breiddalsvik.is\/wp-content\/uploads\/2019\/10\/cozy-room-hotel-blafell-430x299.jpg 430w, https:\/\/breiddalsvik.is\/wp-content\/uploads\/2019\/10\/cozy-room-hotel-blafell-150x104.jpg 150w, https:\/\/breiddalsvik.is\/wp-content\/uploads\/2019\/10\/cozy-room-hotel-blafell-700x486.jpg 700w, https:\/\/breiddalsvik.is\/wp-content\/uploads\/2019\/10\/cozy-room-hotel-blafell-300x208.jpg 300w, https:\/\/breiddalsvik.is\/wp-content\/uploads\/2019\/10\/cozy-room-hotel-blafell-768x533.jpg 768w, https:\/\/breiddalsvik.is\/wp-content\/uploads\/2019\/10\/cozy-room-hotel-blafell-1024x711.jpg 1024w\" sizes=\"auto, (max-width: 896px) 100vw, 896px\" \/><\/p>\n<h3 class=\"null\">Amplify your spirit<\/h3>\n<p>How long has it been since you had a restful nights\u2019 sleep without any of the mechanical city noises, with only nature\u2019s soundscape to lull you to dreamland? Our quiet rural location, combined with the fresh coastal air will help you sleep better than you have in a long time and go home feeling renewed.[\/vc_column_text][\/vc_column_inner][\/vc_row_inner][\/vc_column][\/vc_row][vc_row css=&#8221;.vc_custom_1461164356662{margin-bottom: 0px !important;}&#8221; el_class=&#8221;baturinn&#8221;][vc_column][vc_column_text]<\/p>\n<h2 class=\"null\" style=\"text-align: center;\">Itinerary outline &#8211; subject to change<\/h2>\n<p>[\/vc_column_text][vc_row_inner equal_height=&#8221;yes&#8221; gap=&#8221;35&#8243;][vc_column_inner css=&#8221;.vc_custom_1573810504128{border-top-width: 1px !important;border-right-width: 1px !important;border-bottom-width: 1px !important;border-left-width: 1px !important;border-left-color: #d9e1e6 !important;border-right-color: #d9e1e6 !important;border-top-color: #d9e1e6 !important;border-bottom-color: #d9e1e6 !important;border-radius: 1px !important;}&#8221;][vc_column_text]<img loading=\"lazy\" decoding=\"async\" class=\"aligncenter\" src=\"https:\/\/eep.io\/mc-gallery\/1b062ec95966f80faa65fd7fd\/images\/c54eb482-282f-4623-a774-34fc2b38ad9e.png\" width=\"763\" height=\"352\" \/><\/p>\n<h3 class=\"null\" dir=\"ltr\">Day 1 (Sunday) &#8211; Arrival and familiarization with the village of Brei\u00f0dalsv\u00edk<\/h3>\n<p dir=\"ltr\">Your driver will fetch you from Egilssta\u00f0ir Airport and head south towards the retreat headquarters, stopping by the French Museum along the way where you\u2019ll enjoy a delicious lunch.<\/p>\n<p dir=\"ltr\">At H\u00f3tel Bl\u00e1fell, you\u2019ll be welcomed with refreshments, helped with check-in and given more information about the days to come, after which the locals will take you for a village walk to get you familiar with your home base for the week.<\/p>\n<p dir=\"ltr\">Next up: Your exclusive Welcome Dinner which our chefs have prepared from the best seasonal ingredients from local farms.<\/p>\n<h3 class=\"null\">Day 2 (Monday) &#8211; Acclimatize<\/h3>\n<p>Today is your first day of the adventure reboot-style program. A healthy, buffet-style breakfast is served every day from 7:30-10:00 am, but keep in mind that on some days tours will start at 8:30.<\/p>\n<p>We depart on our guided hike &amp; jeep tour which will take roughly 3-4 hours, and first stop at the J\u00f3rv\u00edkursk\u00f3gur Forest. J\u00f3rv\u00edkursk\u00f3gur is a lovely Arctic forest on an island nearly barren of trees. Featuring rare European tree species, it\u2019s an ideal spot for taking light walks, picnics, berry picking, and camping. We\u2019ll bring snacks and refreshments for you, to hold you over til lunch.<\/p>\n<p><img loading=\"lazy\" decoding=\"async\" class=\"aligncenter\" src=\"https:\/\/eep.io\/mc-gallery\/1b062ec95966f80faa65fd7fd\/images\/8410373a-5b75-4fe4-82bf-a626114ce0a2.png\" width=\"767\" height=\"767\" \/><\/p>\n<p>&nbsp;<\/p>\n<p>Next we\u2019ll head to the Fl\u00f6gufoss Waterfall. A short hike from the main road in Brei\u00f0dalsv\u00edk reveals the majestic cascade of this gorgeous waterfall where the river Fl\u00f6gu\u00e1 flows down over striking cliffs in a single drop over 60 meters (197 feet) in height.<\/p>\n<p>And finally we\u2019ll wrap the morning with a light off-trail hike. We\u2019ll meander along rural paths and sheep-trails, stopping to take in the scenery and snap some photos. This isn\u2019t a serious hike, but your sneakers might not be hardy enough so bring your hiking shoes for this one.<\/p>\n<p>After a nourishing lunch, you have a variety of choices of more adventurous, outdoor, social activities. \u00a0<a href=\"https:\/\/mailchi.mp\/88f98701b6de\/adventure-reboot-getaway-iceland-st##AfternoonActivities\">Here\u2019s a full list of the afternoon activities.<\/a><\/p>\n<p>Horse ride on the beach, anyone? You can\u00a0<strong>pick any activity as often as you like<\/strong>, it\u2019s all included! \u00a0Remember, all morning and afternoon activities are optional. \u00a0Pick none or all of them, we all have our own travel style.<\/p>\n<h3><strong>Day 3 &#8211; Sk\u00fatafoss, Hoffelssj\u00f6kull Glacier &amp; Langoustine lunch (Tuesday)<\/strong><\/h3>\n<p>Today we\u2019ll be up bright and early to head out for a great nature &amp; gourmet tour! We\u2019ll take you to waterfalls, Hoffell glacier lagoon, and through the otherworldly volcanic landscape of Southern Iceland.<\/p>\n<p><img loading=\"lazy\" decoding=\"async\" class=\"aligncenter\" src=\"https:\/\/eep.io\/mc-gallery\/1b062ec95966f80faa65fd7fd\/images\/6b37e189-5c56-416f-8b90-b298b9f5df68.png\" width=\"788\" height=\"451\" \/><br \/>\nWe will visit the seaside town of H\u00f6fn for an Icelandic langoustine lunch, and then you\u2019ll embark on a short hike to the base of Vatnaj\u00f6kull, Europe\u2019s largest glacier.\u00a0 But don\u2019t worry, according to\u00a0<a href=\"https:\/\/mc.us19.list-manage.com\/pages\/track\/click?u=1b062ec95966f80faa65fd7fd&amp;id=6e9a55731e\">Peter M\u2019s review<\/a>, it is \u201can easy hike (my 70-year-old father who has never hiked before was able to do it)\u201d. \u00a0Safe and fun!<\/p>\n<p>We will be back at our hotel in time for a relaxed, casual dinner.<\/p>\n<h3><strong>Day 4 &#8211; Quiet &amp; Calm (Wednesday)<\/strong><\/h3>\n<p>After a busy day yesterday, this morning you have time off to relax. This is the only day (other than departure day) that there are no structured activities and you can do with your free time as you wish! For the afternoon, you can choose one of the optional activities.<\/p>\n<p><img loading=\"lazy\" decoding=\"async\" class=\"alignleft\" src=\"https:\/\/eep.io\/mc-gallery\/1b062ec95966f80faa65fd7fd\/images\/43fbd253-6ccf-4a15-ab30-102abff8fc51.jpg\" width=\"381\" height=\"393\" \/>This evening, gather round for the fireside storytelling by Berglind.<\/p>\n<p>She\u00a0has been telling Icelandic folk stories for 30 years in a fun\u00a0and lively way, and is known for captivating her audience.<\/p>\n<p>What will tonight\u2019s theme be? \u00a0Outlaws, trolls, elves or ghost stories? Meet us at the fireplace and find out \ud83d\ude42<\/p>\n<p><em><strong>Fun fact:<\/strong><\/em>\u00a0\u00a0The name &#8220;Berglind&#8221; only appeared in the Icelandic language in the 1930&#8217;s, after the world-famous aviator, Charles Lindbergh, visited Iceland in 1933.\u00a0\u00a0Can you spot the connection?<\/p>\n<h3><\/h3>\n<h3><\/h3>\n<h3><\/h3>\n<h3><\/h3>\n<h3><img decoding=\"async\" class=\"aligncenter\" src=\"https:\/\/eep.io\/mc-gallery\/1b062ec95966f80faa65fd7fd\/images\/10d48996-f02a-4705-8668-69ef36b7ff5c.jpg\" \/><\/h3>\n<p><img decoding=\"async\" class=\"aligncenter\" src=\"https:\/\/eep.io\/mc-gallery\/1b062ec95966f80faa65fd7fd\/images\/0e86745d-4d67-4f25-994d-ba94c0276e76.jpg\" \/><\/p>\n<h3><strong>Day 5 (Thursday) &#8211; Farewell dinner at the Randulf\u2019s Seahouse in Eskifj\u00f6r\u00f0ur<\/strong><\/h3>\n<p>Begin the morning on a short 2 hour walk off-trail in easy terrain. The walk begins in Krossdalur valley where we start to ascend into the hills before heading to the edge of the mountainside overlooking the picturesque Streiti promontory.<\/p>\n<p><img loading=\"lazy\" decoding=\"async\" class=\"aligncenter\" src=\"https:\/\/eep.io\/mc-gallery\/1b062ec95966f80faa65fd7fd\/images\/97fbeff6-7052-4b75-a52c-bd43cbac92c6.jpg\" width=\"784\" height=\"522\" \/><\/p>\n<p>In good weather, you will have a view to Skr\u00fa\u00f0ur and Papey islands off the shore as well as the nearby valleys and mountains.<\/p>\n<p>After you\u2019ve enjoyed a wonderful day in nature, we will visit S\u00e6var for an evening at<br \/>\n<a href=\"https:\/\/mc.us19.list-manage.com\/pages\/track\/click?u=1b062ec95966f80faa65fd7fd&amp;id=9984476102\">Randulf\u2019s Seahouse<\/a>\u00a0where you\u2019ll be able to sample traditional Icelandic fare in a setting that has changed little in the past one hundred years.<\/p>\n<p>This is our farewell evening and the final dinner will be held here in this historic former herring station.<\/p>\n<p><img loading=\"lazy\" decoding=\"async\" class=\"aligncenter\" src=\"https:\/\/eep.io\/mc-gallery\/1b062ec95966f80faa65fd7fd\/images\/e9c4aa54-f819-4366-bc6f-d734c54f11a7.png\" width=\"785\" height=\"424\" \/><\/p>\n<h3><strong>Day 6\u00a0(Friday)<\/strong><strong>\u00a0&#8211; Departure day<\/strong><\/h3>\n<p>Today is your final day of escape at H\u00f3tel Bl\u00e1fell.<\/p>\n<p>The usual morning activities will be available to you and you\u2019ll have plenty of time to pack up and check out before we take you back to Egilsstadir to catch your flight back to Reykjavik.<\/p>\n<p><img decoding=\"async\" class=\"aligncenter\" src=\"https:\/\/eep.io\/mc-gallery\/1b062ec95966f80faa65fd7fd\/images\/2b8ceb09-6532-412f-ad60-33b052c41f1d.jpg\" \/><\/p>\n<p><img decoding=\"async\" class=\"aligncenter\" src=\"https:\/\/eep.io\/mc-gallery\/1b062ec95966f80faa65fd7fd\/images\/cd6ed241-b9e6-4ef7-a4b0-59bed7f2e5b4.jpg\" \/>[\/vc_column_text][vc_separator][\/vc_column_inner][\/vc_row_inner][\/vc_column][\/vc_row][vc_row type=&#8221;vc_default&#8221; full_width=&#8221;stretch_row&#8221; css=&#8221;.vc_custom_1574020618819{margin-bottom: 0px !important;}&#8221; el_id=&#8221;afternoon-activities&#8221;][vc_column css=&#8221;.vc_custom_1574013371567{margin-top: 60px !important;}&#8221;][vc_column_text]<\/p>\n<h2 class=\"null\" style=\"text-align: center;\">Afternoon activity options<\/h2>\n<h3 style=\"text-align: center;\"><span style=\"color: #800020;\"><strong>Choose any option, as often as you like!<\/strong><\/span><\/h3>\n<p>[\/vc_column_text][vc_row_inner][vc_column_inner][vc_column_text css=&#8221;.vc_custom_1574020682040{padding-top: 15px !important;padding-bottom: 20px !important;background-color: #664c1c !important;}&#8221;]<\/p>\n<h3 class=\"null\" style=\"text-align: center;\"><span style=\"color: #ffffff;\"><strong>A &#8211; Walk around the village<\/strong><\/span><\/h3>\n<p>[\/vc_column_text][\/vc_column_inner][\/vc_row_inner][vc_row_inner equal_height=&#8221;yes&#8221; gap=&#8221;35&#8243; css=&#8221;.vc_custom_1574022618560{margin-top: -10px !important;}&#8221;][vc_column_inner width=&#8221;1\/3&#8243; css=&#8221;.vc_custom_1573810504128{border-top-width: 1px !important;border-right-width: 1px !important;border-bottom-width: 1px !important;border-left-width: 1px !important;border-left-color: #d9e1e6 !important;border-right-color: #d9e1e6 !important;border-top-color: #d9e1e6 !important;border-bottom-color: #d9e1e6 !important;border-radius: 1px !important;}&#8221;][vc_column_text]<img loading=\"lazy\" decoding=\"async\" class=\" aligncenter\" src=\"https:\/\/eep.io\/mc-gallery\/1b062ec95966f80faa65fd7fd\/images\/fcb4dd4c-86a4-4337-a9eb-07b7bebd5960.png\" width=\"650\" height=\"650\" \/><\/p>\n<h3 dir=\"ltr\"><strong>Meleyri Beach<\/strong><\/h3>\n<p dir=\"ltr\">Meleyri beach located across from Hotel Bl\u00e1fell is a charming shoreline stretching from Brei\u00f0dalsv\u00edk across the bay towards Streiti. The volcanic black sands are perfect for a stroll to take in the fresh sea air and colorful birdlife.<\/p>\n<p>[\/vc_column_text][\/vc_column_inner][vc_column_inner width=&#8221;1\/3&#8243; css=&#8221;.vc_custom_1573810490240{border-top-width: 1px !important;border-right-width: 1px !important;border-bottom-width: 1px !important;border-left-width: 1px !important;border-left-color: #d9e1e6 !important;border-right-color: #d9e1e6 !important;border-top-color: #d9e1e6 !important;border-bottom-color: #d9e1e6 !important;border-radius: 1px !important;}&#8221;][vc_column_text]<img loading=\"lazy\" decoding=\"async\" class=\" aligncenter\" src=\"https:\/\/eep.io\/mc-gallery\/1b062ec95966f80faa65fd7fd\/images\/dfcbf495-eb9f-45ca-a253-99800702da0b.png\" width=\"657\" height=\"650\" \/><\/p>\n<h3><strong>Brei\u00f0dalssetur<\/strong><br \/>\n(Gamla Kaupf\u00e9lagi\u00f0)<\/h3>\n<p style=\"font-weight: 400;\">Brei\u00f0dalssetur research and heritage center is located in Kaupf\u00e9lagi\u00f0, the oldest building in Brei\u00f0dalsv\u00edk.<br \/>\nBuilt in 1906, today it houses an exhibition on the history and heritage of Brei\u00f0dalsv\u00edk.<\/p>\n<p>[\/vc_column_text][\/vc_column_inner][vc_column_inner width=&#8221;1\/3&#8243; css=&#8221;.vc_custom_1573810452562{border-top-width: 1px !important;border-right-width: 1px !important;border-bottom-width: 1px !important;border-left-width: 1px !important;border-left-color: #d9e1e6 !important;border-right-color: #d9e1e6 !important;border-top-color: #d9e1e6 !important;border-bottom-color: #d9e1e6 !important;}&#8221;][vc_column_text]<img loading=\"lazy\" decoding=\"async\" class=\" aligncenter\" src=\"https:\/\/eep.io\/mc-gallery\/1b062ec95966f80faa65fd7fd\/images\/655715ac-7285-438a-adb3-c1c69b8c014e.jpg\" width=\"650\" height=\"650\" \/><\/p>\n<h3 dir=\"ltr\"><strong>Beljandi Brewery<\/strong><\/h3>\n<p>Walk on over to this small brewery where focus is on craft beer, made for beer lovers.<br \/>\n<a href=\"https:\/\/mc.us19.list-manage.com\/pages\/track\/click?u=1b062ec95966f80faa65fd7fd&amp;id=2318ab5ac7\">MG235 from Nashville<\/a>\u00a0review: \u201cThe beer was great, the staff was super friendly and the aesthetic matched any place I&#8217;ve been to in the States.\u201d[\/vc_column_text][\/vc_column_inner][\/vc_row_inner][vc_row_inner][vc_column_inner][vc_column_text css=&#8221;.vc_custom_1574020795362{padding-top: 15px !important;padding-bottom: 20px !important;background-color: #664c1c !important;}&#8221;]<\/p>\n<h3 class=\"null\" style=\"text-align: center;\"><span style=\"color: #ffffff;\">B &#8211; Horseback ride, 1-2 hours<\/span><\/h3>\n<p>[\/vc_column_text][vc_column_text css=&#8221;.vc_custom_1574022544113{margin-bottom: 10px !important;}&#8221;]<img loading=\"lazy\" decoding=\"async\" class=\" alignleft\" src=\"https:\/\/eep.io\/mc-gallery\/1b062ec95966f80faa65fd7fd\/images\/6583db66-4325-4333-bbee-2ba542be45b4.png\" width=\"616\" height=\"459\" \/>The pony-sized Icelandic horses are well-known for their unique 5 gaits.<\/p>\n<p>They are long-lived, hardy and capable to handle and help Icelanders with the rough terrain from the time of the Norse settlers in the 9th and 10th centuries.<\/p>\n<p>Here\u2019s your opportunity to go for a rejuvenating horse ride along the Meleyri Beach.<\/p>\n<p>Want to go every afternoon?\u00a0 Go for it![\/vc_column_text][\/vc_column_inner][\/vc_row_inner][vc_row_inner][vc_column_inner][vc_empty_space height=&#8221;32&#8243;][vc_column_text css=&#8221;.vc_custom_1574020818794{padding-top: 15px !important;padding-bottom: 20px !important;background-color: #664c1c !important;}&#8221;]<\/p>\n<h3 class=\"null\" style=\"text-align: center;\"><span style=\"color: #ffffff;\">C &#8211; Church &amp; Coast Super Jeep Tour, 2-3 hours<\/span><\/h3>\n<p>[\/vc_column_text][\/vc_column_inner][\/vc_row_inner][vc_row_inner equal_height=&#8221;yes&#8221; gap=&#8221;35&#8243;][vc_column_inner width=&#8221;1\/2&#8243; css=&#8221;.vc_custom_1573810504128{border-top-width: 1px !important;border-right-width: 1px !important;border-bottom-width: 1px !important;border-left-width: 1px !important;border-left-color: #d9e1e6 !important;border-right-color: #d9e1e6 !important;border-top-color: #d9e1e6 !important;border-bottom-color: #d9e1e6 !important;border-radius: 1px !important;}&#8221;][vc_column_text]<\/p>\n<p dir=\"ltr\"><img loading=\"lazy\" decoding=\"async\" class=\" aligncenter\" src=\"https:\/\/eep.io\/mc-gallery\/1b062ec95966f80faa65fd7fd\/images\/243d9074-f456-4639-9d42-47b97fb5dc90.png\" width=\"668\" height=\"650\" \/><\/p>\n<h3><strong>Heydalakirkja Church<\/strong><\/h3>\n<p style=\"font-weight: 400;\">Picturesque Heydalakirkja Church is a lovely vicarage since early Christianity.<br \/>\nThe old church, built in 1856, burned down late in the 20th and the new structure was consecrated in 1975.<\/p>\n<p>[\/vc_column_text][vc_column_text]<img loading=\"lazy\" decoding=\"async\" class=\" aligncenter\" src=\"https:\/\/eep.io\/mc-gallery\/1b062ec95966f80faa65fd7fd\/images\/e8b454b9-1918-4fd5-b1dd-1319b04f30d2.png\" width=\"649\" height=\"650\" \/><\/p>\n<h3>Streitishvarf Lighthouse<\/h3>\n<p>South of Brei\u00f0dalur Valley is a beautiful peninsula and cliff-side area with picture-worthy views from Streitishvarf Lighthouse.<br \/>\nEnjoy excellent vistas of unique geological phenomenon in their natural environment.[\/vc_column_text][\/vc_column_inner][vc_column_inner width=&#8221;1\/2&#8243; css=&#8221;.vc_custom_1573810490240{border-top-width: 1px !important;border-right-width: 1px !important;border-bottom-width: 1px !important;border-left-width: 1px !important;border-left-color: #d9e1e6 !important;border-right-color: #d9e1e6 !important;border-top-color: #d9e1e6 !important;border-bottom-color: #d9e1e6 !important;border-radius: 1px !important;}&#8221;][vc_column_text]<img loading=\"lazy\" decoding=\"async\" class=\"aligncenter\" src=\"https:\/\/eep.io\/mc-gallery\/1b062ec95966f80faa65fd7fd\/images\/929a87a1-5e83-4352-b051-539f7d5a6656.png\" width=\"650\" height=\"650\" \/><\/p>\n<h3 dir=\"ltr\"><strong>Brei\u00f0dals\u00e1 River<\/strong><\/h3>\n<p dir=\"ltr\">Brei\u00f0dals\u00e1 is a beautiful, medium-sized river winding its way across stunning Brei\u00f0dalur Valley into the sea. This impressive river has a reputation for excellent brown trout, char and salmon fishing.<\/p>\n<p>[\/vc_column_text][vc_column_text]<img loading=\"lazy\" decoding=\"async\" class=\" aligncenter\" src=\"https:\/\/eep.io\/mc-gallery\/1b062ec95966f80faa65fd7fd\/images\/55e864b3-b0fa-40ed-87b7-10a5a674e83d.png\" width=\"650\" height=\"650\" \/><\/p>\n<h3><strong>Beljandi Waterfall<\/strong><\/h3>\n<p style=\"font-weight: 400;\">A walk in the countryside along Brei\u00f0dals\u00e1 River near Brekkuborg Farm reveals Beljandi, a remarkably beautiful waterfall hidden in nature.<\/p>\n<p>[\/vc_column_text][\/vc_column_inner][\/vc_row_inner][vc_row_inner][vc_column_inner][vc_column_text css=&#8221;.vc_custom_1574020850736{padding-top: 15px !important;padding-bottom: 20px !important;background-color: #664c1c !important;}&#8221;]<\/p>\n<h3 class=\"null\" style=\"text-align: center;\"><span style=\"color: #ffffff;\">D &#8211; Hike up Mosfell by Kambanes 3,5-4,5 hours<\/span><\/h3>\n<p>[\/vc_column_text][\/vc_column_inner][\/vc_row_inner][vc_column_text]<\/p>\n<div>\n<div class=\"mcnCaptionRightContentInner\"><img loading=\"lazy\" decoding=\"async\" class=\" alignleft\" src=\"https:\/\/eep.io\/mc-gallery\/1b062ec95966f80faa65fd7fd\/images\/e9074668-4142-493d-8a06-9e064053b41a.jpg\" width=\"590\" height=\"395\" \/><\/div>\n<\/div>\n<div>\n<div class=\"mcnTextContent\">Want to get a good oceanic view? \u00a0Join us on this 5km, 515m ascent hike, to get a high view over Brei\u00f0dalsv\u00edk and the next fjord, St\u00f6\u00f0varfj\u00f6r\u00f0ur. This is a\u00a0<a href=\"https:\/\/mc.us19.list-manage.com\/pages\/track\/click?u=1b062ec95966f80faa65fd7fd&amp;id=b55e895580\">class 2<\/a>\u00a0hike, meaning we may walk over scree (small, loose rock) or talus (larger, semi-loose rock) fields, but no climbing is required.\u00a0<strong>Please wear your pair of hiking shoes or hiking boots<\/strong>.<\/div>\n<div class=\"mcnTextContent\">Along the way you will enjoy the Arctic nature &#8211; delicate yet resilient &#8211; and the breathtaking views over the fjords of Brei\u00f0dalsv\u00edk and St\u00f6\u00f0varfj\u00f6r\u00f0ur, the promontory between them and the nearby island of Skr\u00fa\u00f0ur.<\/div>\n<\/div>\n<p>[\/vc_column_text][\/vc_column][\/vc_row][vc_row type=&#8221;vc_default&#8221; full_width=&#8221;stretch_row&#8221; margin_bottom=&#8221;50&#8243; el_id=&#8221;like-minded-travelers&#8221;][vc_column css=&#8221;.vc_custom_1574013238084{margin-top: 60px !important;}&#8221;][vc_column_text css=&#8221;.vc_custom_1573946798254{margin-top: 60px !important;}&#8221;]<\/p>\n<h2 class=\"null\" dir=\"ltr\" style=\"text-align: center;\"><strong>Like-minded travelers<\/strong><\/h2>\n<p dir=\"ltr\">If you\u2019re the right fit for Adventure Reboot, you choose to travel in a small group where authentic Icelandic experiences matter.<\/p>\n<p dir=\"ltr\">You care about the environment and protecting nature and like to learn about the culture and history of the destination.<\/p>\n<p dir=\"ltr\">You don\u2019t want a typical holiday and would rather choose unfamiliar and new options.<\/p>\n<h3 class=\"null\" dir=\"ltr\" style=\"text-align: center;\">Who Is Considering the Adventure Reboot Getaway?<\/h3>\n<p dir=\"ltr\"><strong>44% Independent explorers<\/strong>\u00a0who prefer to travel in a small group and want to experience something different that is off the beaten track.<\/p>\n<p dir=\"ltr\"><strong>34% Active relaxers<\/strong>\u00a0who want a safe and comfortable travel itinerary to experience things first-hand rather than read about them in a book.<\/p>\n<p dir=\"ltr\"><strong>32% Fun Loving Globetrotters<\/strong>\u00a0who enjoy new and exciting adventures. At home in nature, they like to share their experiences with others.<\/p>\n<h3 class=\"null\" dir=\"ltr\" style=\"text-align: center;\"><span style=\"color: #800020;\">If this is you, book\u00a0now\u00a0<\/span><\/h3>\n<p dir=\"ltr\"><strong>Love the unfamiliar\u00a0<\/strong>&#8211; You desire to get away from your daily routine and experience something new. You travel to see different and unfamiliar things. You find destinations in the North charming and don\u2019t need warm days and sunshine.<\/p>\n<p><strong>Adventurous within sensible limits<\/strong>\u00a0&#8211; If you enjoy getting out of your comfort zone, knowing you\u2019ll broaden your horizons through venturing into the unknown, without taking any serious risks.<\/p>\n<p><strong>Inquisitive sharers<\/strong>\u00a0&#8211; Wanna chat with the locals and see the world in a new way? You\u2019re someone who\u2019s willing to invite others into meaningful conversations and share perspectives about life.<\/p>\n<p><strong>Slow travel<\/strong>\u00a0&#8211; You want free time and space to fully experience and dwell in the moment. You don\u2019t like being hurried when travelling.[\/vc_column_text][\/vc_column][\/vc_row][vc_row type=&#8221;vc_default&#8221; full_width=&#8221;stretch_row&#8221; margin_top=&#8221;100&#8243; margin_bottom=&#8221;50&#8243; full_width_row=&#8221;true&#8221; bg_type=&#8221;bg_color&#8221; anchor=&#8221;prices&#8221; bg_color_value=&#8221;#528daa&#8221; el_id=&#8221;prices&#8221;][vc_column][vc_column_text css=&#8221;.vc_custom_1573946373603{margin-top: 60px !important;}&#8221;]<\/p>\n<h2 class=\"null\" style=\"text-align: center;\"><span style=\"color: #ffffff;\"><strong>Super Early Bird $3,200<\/strong> <strong>&#8211; Expires Dec 12th<\/strong><\/span><\/h2>\n<h4 class=\"null\" style=\"text-align: center;\"><span style=\"color: #ffffff;\"><strong>Early Bird $3,700<\/strong> &#8211; Expires Jan 20th<\/span><\/h4>\n<h4 class=\"null\" style=\"text-align: center;\"><span style=\"color: #ffffff;\"><strong>Full Price $4,200<\/strong> &#8211; Expires Feb 20th<\/span><\/h4>\n<p>[\/vc_column_text][vc_btn title=&#8221;BOOK TODAY&#8221; shape=&#8221;round&#8221; color=&#8221;warning&#8221; size=&#8221;lg&#8221; align=&#8221;center&#8221; link=&#8221;url:https%3A%2F%2Ftraveleast.is%2Fadventure-reboot-in-breiddalsvik||target:%20_blank|&#8221;][vc_column_text]<\/p>\n<p style=\"text-align: center;\"><span style=\"color: #ffffff;\"><strong>Pay less upfront:\u00a0<\/strong>As an option, you can pay a 25% deposit now and full payment on February 22nd.<\/span><\/p>\n<p class=\"null\" style=\"text-align: center;\"><span style=\"color: #ffffff;\"><strong>Single supplement is $350.\u00a0<\/strong>\u00a0<\/span><\/p>\n<p class=\"null\" style=\"text-align: center;\"><span style=\"color: #ffffff;\">Cancellation fees apply as the dates of the retreat approaches. Bookings are h<span style=\"font-weight: normal;\">andled by our travel agency, Travel East, and the full policy can be found on our booking form there. Please note that twin occupancy is only suitable for participants who know each other well.<\/span><\/span><\/p>\n<p>[\/vc_column_text][\/vc_column][\/vc_row][vc_row type=&#8221;vc_default&#8221; full_width=&#8221;stretch_row&#8221; el_id=&#8221;included&#8221; el_class=&#8221;baturinn&#8221;][vc_column][vc_column_text css=&#8221;.vc_custom_1574023939295{margin-top: 60px !important;}&#8221;]<\/p>\n<h3 class=\"null\">Included in price<\/h3>\n<ul dir=\"ltr\">\n<li>Steeping yourself \u00a0in the charming little village Brei\u00f0dalsv\u00edk in the South East Iceland<\/li>\n<li>Nature, nature, nature: Rivers, waterfalls, beaches, valleys and fjords!<\/li>\n<li>Full day excursions including waterfalls, walk by\u00a0Hoffelssj\u00f6kull glacier lagoon and the seaside town of H\u00f6fn<\/li>\n<li dir=\"ltr\">\n<p dir=\"ltr\">Guided hikes and super jeep tours in Brei\u00f0dalur, Krossdalur &amp; Kambanes<\/p>\n<\/li>\n<li>Your choice of adventure &amp; exploration in the afternoon, by yourself or with fellow travelers, as often as you like!<\/li>\n<li>A visit to the micro-brewery<\/li>\n<li dir=\"ltr\">\n<p dir=\"ltr\">A walk on Meleyri black beach<\/p>\n<\/li>\n<li dir=\"ltr\">\n<p dir=\"ltr\">Riding on the Icelandic horse<\/p>\n<\/li>\n<li dir=\"ltr\">\n<p dir=\"ltr\">Instagram exploration in the village and valley of Brei\u00f0dalur<\/p>\n<\/li>\n<li dir=\"ltr\">\n<p dir=\"ltr\">Fireside storytelling with Berglind in our cozy lounge<\/p>\n<\/li>\n<li dir=\"ltr\">\n<p dir=\"ltr\">Accommodation at H\u00f3tel Bl\u00e1fell \u2013 choice of single or double occupancy\u200b<\/p>\n<\/li>\n<li dir=\"ltr\">\n<p dir=\"ltr\">All meals, made from locally sourced food, including a selection of vegetarian and vegan choices.<\/p>\n<\/li>\n<li dir=\"ltr\">\n<p dir=\"ltr\">Entrance to The French Museum<\/p>\n<\/li>\n<li dir=\"ltr\">\n<p dir=\"ltr\">All local transportation within the main itinerary, including pickup and return trip to Egilsstadir Airport<\/p>\n<\/li>\n<\/ul>\n<div class=\"mcnTextBlock\">\n<div class=\"mcnTextBlockInner\">\n<div>\n<div class=\"mcnTextContent\">\n<h3 class=\"null\">\u200bExcluded from price<\/h3>\n<ul>\n<li>Airfares to and from Iceland<\/li>\n<li>Airfares between Reykjav\u00edk and Egilsstadir. \u00a0You can book your <a href=\"https:\/\/mc.us19.list-manage.com\/pages\/track\/click?u=1b062ec95966f80faa65fd7fd&amp;id=766b858fc8\">domestic flight here<\/a><\/li>\n<li>Transport to and from Keflav\u00edk airport &#8211; Upon arrival to Iceland we recommend spending a day in Reykjav\u00edk city, before flying to Egilsstadir on Sunday morning<\/li>\n<li>Other transfers and touring not specified in the itinerary<\/li>\n<li>Personal, medical or travel insurances<\/li>\n<\/ul>\n<\/div>\n<\/div>\n<\/div>\n<\/div>\n<p>[\/vc_column_text][\/vc_column][\/vc_row]<\/p>\n<\/div>","protected":false},"excerpt":{"rendered":"<p>[vc_row css=&#8221;.vc_custom_1459432232533{margin-bottom: 0px !important;}&#8221; el_class=&#8221;baturinn&#8221;][vc_column][vc_column_text] THE ICELAND GETAWAY Adventure Reboot Getaway March 22nd-27th [\/vc_column_text][\/vc_column][\/vc_row][vc_row css=&#8221;.vc_custom_1459432232533{margin-bottom: 0px !important;}&#8221; el_class=&#8221;baturinn&#8221;][vc_column][vc_column_text] A different<\/p>\n","protected":false},"author":8,"featured_media":0,"parent":0,"menu_order":0,"comment_status":"closed","ping_status":"closed","template":"template-microsite.php","meta":{"footnotes":""},"class_list":["post-1251","page","type-page","status-publish","hentry"],"yoast_head":"<!-- This site is optimized with the Yoast SEO plugin v23.7 - https:\/\/yoast.com\/wordpress\/plugins\/seo\/ -->\n<title>Adventure Reboot Getaway - Brei\u00f0dalsv\u00edk<\/title>\n<meta name=\"robots\" content=\"index, follow, max-snippet:-1, max-image-preview:large, max-video-preview:-1\" \/>\n<link rel=\"canonical\" href=\"https:\/\/breiddalsvik.is\/en\/the-iceland-getaway\/\" \/>\n<meta property=\"og:locale\" content=\"en_US\" \/>\n<meta property=\"og:type\" content=\"article\" \/>\n<meta property=\"og:title\" content=\"Adventure Reboot Getaway - Brei\u00f0dalsv\u00edk\" \/>\n<meta property=\"og:description\" content=\"[vc_row css=&#8221;.vc_custom_1459432232533{margin-bottom: 0px !important;}&#8221; el_class=&#8221;baturinn&#8221;][vc_column][vc_column_text] THE ICELAND GETAWAY Adventure Reboot Getaway March 22nd-27th [\/vc_column_text][\/vc_column][\/vc_row][vc_row css=&#8221;.vc_custom_1459432232533{margin-bottom: 0px !important;}&#8221; el_class=&#8221;baturinn&#8221;][vc_column][vc_column_text] A different\" \/>\n<meta property=\"og:url\" content=\"https:\/\/breiddalsvik.is\/en\/the-iceland-getaway\/\" \/>\n<meta property=\"og:site_name\" content=\"Brei\u00f0dalsv\u00edk\" \/>\n<meta property=\"article:publisher\" content=\"https:\/\/www.facebook.com\/hotelblafell\/\" \/>\n<meta property=\"article:modified_time\" content=\"2019-11-17T20:52:17+00:00\" \/>\n<meta property=\"og:image\" content=\"https:\/\/breiddalsvik.is\/wp-content\/uploads\/2019\/11\/Northern-lights-730x600.jpg\" \/>\n<meta name=\"twitter:card\" content=\"summary_large_image\" \/>\n<meta name=\"twitter:label1\" content=\"Est. reading time\" \/>\n\t<meta name=\"twitter:data1\" content=\"18 minutes\" \/>\n<script type=\"application\/ld+json\" class=\"yoast-schema-graph\">{\"@context\":\"https:\/\/schema.org\",\"@graph\":[{\"@type\":\"WebPage\",\"@id\":\"https:\/\/breiddalsvik.is\/en\/the-iceland-getaway\/\",\"url\":\"https:\/\/breiddalsvik.is\/en\/the-iceland-getaway\/\",\"name\":\"Adventure Reboot Getaway - Brei\u00f0dalsv\u00edk\",\"isPartOf\":{\"@id\":\"https:\/\/breiddalsvik.is\/#website\"},\"primaryImageOfPage\":{\"@id\":\"https:\/\/breiddalsvik.is\/en\/the-iceland-getaway\/#primaryimage\"},\"image\":{\"@id\":\"https:\/\/breiddalsvik.is\/en\/the-iceland-getaway\/#primaryimage\"},\"thumbnailUrl\":\"https:\/\/breiddalsvik.is\/wp-content\/uploads\/2019\/11\/Northern-lights-730x600.jpg\",\"datePublished\":\"2019-10-31T11:32:14+00:00\",\"dateModified\":\"2019-11-17T20:52:17+00:00\",\"breadcrumb\":{\"@id\":\"https:\/\/breiddalsvik.is\/en\/the-iceland-getaway\/#breadcrumb\"},\"inLanguage\":\"en-US\",\"potentialAction\":[{\"@type\":\"ReadAction\",\"target\":[\"https:\/\/breiddalsvik.is\/en\/the-iceland-getaway\/\"]}]},{\"@type\":\"ImageObject\",\"inLanguage\":\"en-US\",\"@id\":\"https:\/\/breiddalsvik.is\/en\/the-iceland-getaway\/#primaryimage\",\"url\":\"https:\/\/breiddalsvik.is\/wp-content\/uploads\/2019\/11\/Northern-lights-730x600.jpg\",\"contentUrl\":\"https:\/\/breiddalsvik.is\/wp-content\/uploads\/2019\/11\/Northern-lights-730x600.jpg\"},{\"@type\":\"BreadcrumbList\",\"@id\":\"https:\/\/breiddalsvik.is\/en\/the-iceland-getaway\/#breadcrumb\",\"itemListElement\":[{\"@type\":\"ListItem\",\"position\":1,\"name\":\"Home\",\"item\":\"https:\/\/breiddalsvik.is\/en\/\"},{\"@type\":\"ListItem\",\"position\":2,\"name\":\"Adventure Reboot Getaway\"}]},{\"@type\":\"WebSite\",\"@id\":\"https:\/\/breiddalsvik.is\/#website\",\"url\":\"https:\/\/breiddalsvik.is\/\",\"name\":\"Brei\u00f0dalsv\u00edk\",\"description\":\"The tiny town - East Iceland\",\"publisher\":{\"@id\":\"https:\/\/breiddalsvik.is\/#organization\"},\"potentialAction\":[{\"@type\":\"SearchAction\",\"target\":{\"@type\":\"EntryPoint\",\"urlTemplate\":\"https:\/\/breiddalsvik.is\/?s={search_term_string}\"},\"query-input\":{\"@type\":\"PropertyValueSpecification\",\"valueRequired\":true,\"valueName\":\"search_term_string\"}}],\"inLanguage\":\"en-US\"},{\"@type\":\"Organization\",\"@id\":\"https:\/\/breiddalsvik.is\/#organization\",\"name\":\"Brei\u00f0dalsv\u00edk\",\"url\":\"https:\/\/breiddalsvik.is\/\",\"logo\":{\"@type\":\"ImageObject\",\"inLanguage\":\"en-US\",\"@id\":\"https:\/\/breiddalsvik.is\/#\/schema\/logo\/image\/\",\"url\":\"https:\/\/breiddalsvik.is\/wp-content\/uploads\/2022\/03\/augl-hotel-breiddalsvik-1.jpg\",\"contentUrl\":\"https:\/\/breiddalsvik.is\/wp-content\/uploads\/2022\/03\/augl-hotel-breiddalsvik-1.jpg\",\"width\":300,\"height\":300,\"caption\":\"Brei\u00f0dalsv\u00edk\"},\"image\":{\"@id\":\"https:\/\/breiddalsvik.is\/#\/schema\/logo\/image\/\"},\"sameAs\":[\"https:\/\/www.facebook.com\/hotelblafell\/\",\"https:\/\/www.instagram.com\/hotel_breiddalsvik\/\"]}]}<\/script>\n<!-- \/ Yoast SEO plugin. -->","yoast_head_json":{"title":"Adventure Reboot Getaway - Brei\u00f0dalsv\u00edk","robots":{"index":"index","follow":"follow","max-snippet":"max-snippet:-1","max-image-preview":"max-image-preview:large","max-video-preview":"max-video-preview:-1"},"canonical":"https:\/\/breiddalsvik.is\/en\/the-iceland-getaway\/","og_locale":"en_US","og_type":"article","og_title":"Adventure Reboot Getaway - Brei\u00f0dalsv\u00edk","og_description":"[vc_row css=&#8221;.vc_custom_1459432232533{margin-bottom: 0px !important;}&#8221; el_class=&#8221;baturinn&#8221;][vc_column][vc_column_text] THE ICELAND GETAWAY Adventure Reboot Getaway March 22nd-27th [\/vc_column_text][\/vc_column][\/vc_row][vc_row css=&#8221;.vc_custom_1459432232533{margin-bottom: 0px !important;}&#8221; el_class=&#8221;baturinn&#8221;][vc_column][vc_column_text] A different","og_url":"https:\/\/breiddalsvik.is\/en\/the-iceland-getaway\/","og_site_name":"Brei\u00f0dalsv\u00edk","article_publisher":"https:\/\/www.facebook.com\/hotelblafell\/","article_modified_time":"2019-11-17T20:52:17+00:00","og_image":[{"url":"https:\/\/breiddalsvik.is\/wp-content\/uploads\/2019\/11\/Northern-lights-730x600.jpg"}],"twitter_card":"summary_large_image","twitter_misc":{"Est. reading time":"18 minutes"},"schema":{"@context":"https:\/\/schema.org","@graph":[{"@type":"WebPage","@id":"https:\/\/breiddalsvik.is\/en\/the-iceland-getaway\/","url":"https:\/\/breiddalsvik.is\/en\/the-iceland-getaway\/","name":"Adventure Reboot Getaway - Brei\u00f0dalsv\u00edk","isPartOf":{"@id":"https:\/\/breiddalsvik.is\/#website"},"primaryImageOfPage":{"@id":"https:\/\/breiddalsvik.is\/en\/the-iceland-getaway\/#primaryimage"},"image":{"@id":"https:\/\/breiddalsvik.is\/en\/the-iceland-getaway\/#primaryimage"},"thumbnailUrl":"https:\/\/breiddalsvik.is\/wp-content\/uploads\/2019\/11\/Northern-lights-730x600.jpg","datePublished":"2019-10-31T11:32:14+00:00","dateModified":"2019-11-17T20:52:17+00:00","breadcrumb":{"@id":"https:\/\/breiddalsvik.is\/en\/the-iceland-getaway\/#breadcrumb"},"inLanguage":"en-US","potentialAction":[{"@type":"ReadAction","target":["https:\/\/breiddalsvik.is\/en\/the-iceland-getaway\/"]}]},{"@type":"ImageObject","inLanguage":"en-US","@id":"https:\/\/breiddalsvik.is\/en\/the-iceland-getaway\/#primaryimage","url":"https:\/\/breiddalsvik.is\/wp-content\/uploads\/2019\/11\/Northern-lights-730x600.jpg","contentUrl":"https:\/\/breiddalsvik.is\/wp-content\/uploads\/2019\/11\/Northern-lights-730x600.jpg"},{"@type":"BreadcrumbList","@id":"https:\/\/breiddalsvik.is\/en\/the-iceland-getaway\/#breadcrumb","itemListElement":[{"@type":"ListItem","position":1,"name":"Home","item":"https:\/\/breiddalsvik.is\/en\/"},{"@type":"ListItem","position":2,"name":"Adventure Reboot Getaway"}]},{"@type":"WebSite","@id":"https:\/\/breiddalsvik.is\/#website","url":"https:\/\/breiddalsvik.is\/","name":"Brei\u00f0dalsv\u00edk","description":"The tiny town - East Iceland","publisher":{"@id":"https:\/\/breiddalsvik.is\/#organization"},"potentialAction":[{"@type":"SearchAction","target":{"@type":"EntryPoint","urlTemplate":"https:\/\/breiddalsvik.is\/?s={search_term_string}"},"query-input":{"@type":"PropertyValueSpecification","valueRequired":true,"valueName":"search_term_string"}}],"inLanguage":"en-US"},{"@type":"Organization","@id":"https:\/\/breiddalsvik.is\/#organization","name":"Brei\u00f0dalsv\u00edk","url":"https:\/\/breiddalsvik.is\/","logo":{"@type":"ImageObject","inLanguage":"en-US","@id":"https:\/\/breiddalsvik.is\/#\/schema\/logo\/image\/","url":"https:\/\/breiddalsvik.is\/wp-content\/uploads\/2022\/03\/augl-hotel-breiddalsvik-1.jpg","contentUrl":"https:\/\/breiddalsvik.is\/wp-content\/uploads\/2022\/03\/augl-hotel-breiddalsvik-1.jpg","width":300,"height":300,"caption":"Brei\u00f0dalsv\u00edk"},"image":{"@id":"https:\/\/breiddalsvik.is\/#\/schema\/logo\/image\/"},"sameAs":["https:\/\/www.facebook.com\/hotelblafell\/","https:\/\/www.instagram.com\/hotel_breiddalsvik\/"]}]}},"_links":{"self":[{"href":"https:\/\/breiddalsvik.is\/en\/wp-json\/wp\/v2\/pages\/1251","targetHints":{"allow":["GET"]}}],"collection":[{"href":"https:\/\/breiddalsvik.is\/en\/wp-json\/wp\/v2\/pages"}],"about":[{"href":"https:\/\/breiddalsvik.is\/en\/wp-json\/wp\/v2\/types\/page"}],"author":[{"embeddable":true,"href":"https:\/\/breiddalsvik.is\/en\/wp-json\/wp\/v2\/users\/8"}],"replies":[{"embeddable":true,"href":"https:\/\/breiddalsvik.is\/en\/wp-json\/wp\/v2\/comments?post=1251"}],"version-history":[{"count":56,"href":"https:\/\/breiddalsvik.is\/en\/wp-json\/wp\/v2\/pages\/1251\/revisions"}],"predecessor-version":[{"id":1339,"href":"https:\/\/breiddalsvik.is\/en\/wp-json\/wp\/v2\/pages\/1251\/revisions\/1339"}],"wp:attachment":[{"href":"https:\/\/breiddalsvik.is\/en\/wp-json\/wp\/v2\/media?parent=1251"}],"curies":[{"name":"wp","href":"https:\/\/api.w.org\/{rel}","templated":true}]}}